{"id":9798,"date":"2025-03-21T18:02:06","date_gmt":"2025-03-21T21:02:06","guid":{"rendered":"https:\/\/modelermaxpro.com\/?post_type=product&#038;p=9798"},"modified":"2025-03-22T11:37:45","modified_gmt":"2025-03-22T14:37:45","slug":"atom-20701-atom-set-colores-de-la-luftwaffe-wwii","status":"publish","type":"product","link":"https:\/\/modelermaxpro.com\/index.php\/product\/atom-20701-atom-set-colores-de-la-luftwaffe-wwii\/","title":{"rendered":"ATOM-20701 Set Colores de la Luftwaffe WWII"},"content":{"rendered":"<p>Set de 12 colores ATOM con base agua, de alta calidad y especialmente seleccionados para representar los camuflajes empleados por la Luftwaffe durante toda la Segunda Guerra Mundial.<\/p>\n<p>Con estos colores podremos pintar la mayor\u00eda de los aviones que sirvieron en el conflicto, tanto en el frente Europeo, en el frente del Este y en el Norte de \u00c1frica. Por supuesto, podremos emplearlos en los aparatos m\u00e1s famosos como los Bf 109, Fw 190, Stuka, He 111, Ju 88 y muchos otros. Este set facilita la tarea de elegir los colores para nuestros modelos, ahorrando un tiempo valioso. Los tonos son exactos, aunque ligeramente aclarados para compensar el efecto de escala en cualquier maqueta.<\/p>\n<p>Esta pintura presenta una f\u00f3rmula con base al agua que se comporta con todas las ventajas de una laca y est\u00e1 optimizada para obtener el m\u00e1ximo rendimiento tanto a pincel como con aer\u00f3grafo. Entre sus caracter\u00edsticas, destacan su capacidad de autonivelado, secado r\u00e1pido, y su poder de cubrici\u00f3n, haci\u00e9ndola \u00fanica en el mercado. Adem\u00e1s, es extremadamente resistente, permitiendo usar sobre ella acr\u00edlicos, esmaltes o productos m\u00e1s agresivos, como los l\u00edquidos para calcas.<\/p>\n<p>Se presenta en un nuevo envase transparente de 20 ml de capacidad con un nuevo tap\u00f3n que puede abrirse y cerrarse con una sola mano. Esta pintura no es t\u00f3xica ni tiene olor.<\/p>\n<p>Contenido del set:<\/p>\n<ul>\n<li>ATOM-20078\u00a0\u00a0\u00a0 GRAU RLM02<\/li>\n<li>ATOM-20101\u00a0\u00a0\u00a0 SCHWARTZGR\u00dcN RLM70<\/li>\n<li>ATOM-20067\u00a0\u00a0\u00a0 OLIVGR\u00dcN (RLM71)<\/li>\n<li>ATOM-20127\u00a0\u00a0\u00a0 HELLBLAU RLM65<\/li>\n<li>ATOM-20024\u00a0\u00a0\u00a0 SANDGELB RLM79<\/li>\n<li>ATOM-20126\u00a0\u00a0\u00a0 HELLBLAU RLM78<\/li>\n<li>ATOM-20157\u00a0\u00a0\u00a0 GRAUGR\u00dcN RLM74<\/li>\n<li>ATOM-20147\u00a0\u00a0\u00a0 GRAUVIOLETT RLM75<\/li>\n<li>ATOM-20130\u00a0\u00a0\u00a0 PALE GREY (RLM76)<\/li>\n<li>ATOM-20077\u00a0\u00a0\u00a0 DUNKELGR\u00dcN RLM81<\/li>\n<li>ATOM-20075\u00a0\u00a0\u00a0 HELLGR\u00dcN RLM82<\/li>\n<li>ATOM-20141\u00a0\u00a0\u00a0 ASH GREY RLM84<\/li>\n<\/ul>\n","protected":false},"excerpt":{"rendered":"<p>Set de 12 colores ATOM con base agua, de alta calidad y especialmente seleccionados para representar los camuflajes empleados por la Luftwaffe durante toda la Segunda Guerra Mundial. Con estos colores podremos pintar la mayor\u00eda de los aviones que sirvieron en el conflicto, tanto en el frente Europeo, en el frente del Este y en [&hellip;]<\/p>\n","protected":false},"featured_media":9801,"template":"","meta":[],"product_brand":[],"product_cat":[46],"product_tag":[],"class_list":{"0":"post-9798","1":"product","2":"type-product","3":"status-publish","4":"has-post-thumbnail","6":"product_cat-sets","8":"first","9":"instock","10":"shipping-taxable","11":"product-type-simple"},"yoast_head":"<!-- This site is optimized with the Yoast SEO plugin v27.4 - https:\/\/yoast.com\/product\/yoast-seo-wordpress\/ -->\n<title>ATOM-20701 Set Colores de la Luftwaffe WWII - Modeler Max Pro<\/title>\n<meta name=\"robots\" content=\"index, follow, max-snippet:-1, max-image-preview:large, max-video-preview:-1\" \/>\n<link rel=\"canonical\" href=\"https:\/\/modelermaxpro.com\/index.php\/product\/atom-20701-atom-set-colores-de-la-luftwaffe-wwii\/\" \/>\n<meta property=\"og:locale\" content=\"es_ES\" \/>\n<meta property=\"og:type\" content=\"article\" \/>\n<meta property=\"og:title\" content=\"ATOM-20701 Set Colores de la Luftwaffe WWII - Modeler Max Pro\" \/>\n<meta property=\"og:description\" content=\"Set de 12 colores ATOM con base agua, de alta calidad y especialmente seleccionados para representar los camuflajes empleados por la Luftwaffe durante toda la Segunda Guerra Mundial. Con estos colores podremos pintar la mayor\u00eda de los aviones que sirvieron en el conflicto, tanto en el frente Europeo, en el frente del Este y en [&hellip;]\" \/>\n<meta property=\"og:url\" content=\"https:\/\/modelermaxpro.com\/index.php\/product\/atom-20701-atom-set-colores-de-la-luftwaffe-wwii\/\" \/>\n<meta property=\"og:site_name\" content=\"Modeler Max Pro\" \/>\n<meta property=\"article:modified_time\" content=\"2025-03-22T14:37:45+00:00\" \/>\n<meta property=\"og:image\" content=\"https:\/\/modelermaxpro.com\/wp-content\/uploads\/2025\/03\/20701-1.jpg\" \/>\n\t<meta property=\"og:image:width\" content=\"800\" \/>\n\t<meta property=\"og:image:height\" content=\"800\" \/>\n\t<meta property=\"og:image:type\" content=\"image\/jpeg\" \/>\n<meta name=\"twitter:card\" content=\"summary_large_image\" \/>\n<meta name=\"twitter:label1\" content=\"Tiempo de lectura\" \/>\n\t<meta name=\"twitter:data1\" content=\"2 minutos\" \/>\n<script type=\"application\/ld+json\" class=\"yoast-schema-graph\">{\"@context\":\"https:\\\/\\\/schema.org\",\"@graph\":[{\"@type\":\"WebPage\",\"@id\":\"https:\\\/\\\/modelermaxpro.com\\\/index.php\\\/product\\\/atom-20701-atom-set-colores-de-la-luftwaffe-wwii\\\/\",\"url\":\"https:\\\/\\\/modelermaxpro.com\\\/index.php\\\/product\\\/atom-20701-atom-set-colores-de-la-luftwaffe-wwii\\\/\",\"name\":\"ATOM-20701 Set Colores de la Luftwaffe WWII - Modeler Max Pro\",\"isPartOf\":{\"@id\":\"https:\\\/\\\/modelermaxpro.com\\\/#website\"},\"primaryImageOfPage\":{\"@id\":\"https:\\\/\\\/modelermaxpro.com\\\/index.php\\\/product\\\/atom-20701-atom-set-colores-de-la-luftwaffe-wwii\\\/#primaryimage\"},\"image\":{\"@id\":\"https:\\\/\\\/modelermaxpro.com\\\/index.php\\\/product\\\/atom-20701-atom-set-colores-de-la-luftwaffe-wwii\\\/#primaryimage\"},\"thumbnailUrl\":\"https:\\\/\\\/modelermaxpro.com\\\/wp-content\\\/uploads\\\/2025\\\/03\\\/20701-1.jpg\",\"datePublished\":\"2025-03-21T21:02:06+00:00\",\"dateModified\":\"2025-03-22T14:37:45+00:00\",\"breadcrumb\":{\"@id\":\"https:\\\/\\\/modelermaxpro.com\\\/index.php\\\/product\\\/atom-20701-atom-set-colores-de-la-luftwaffe-wwii\\\/#breadcrumb\"},\"inLanguage\":\"es-AR\",\"potentialAction\":[{\"@type\":\"ReadAction\",\"target\":[\"https:\\\/\\\/modelermaxpro.com\\\/index.php\\\/product\\\/atom-20701-atom-set-colores-de-la-luftwaffe-wwii\\\/\"]}]},{\"@type\":\"ImageObject\",\"inLanguage\":\"es-AR\",\"@id\":\"https:\\\/\\\/modelermaxpro.com\\\/index.php\\\/product\\\/atom-20701-atom-set-colores-de-la-luftwaffe-wwii\\\/#primaryimage\",\"url\":\"https:\\\/\\\/modelermaxpro.com\\\/wp-content\\\/uploads\\\/2025\\\/03\\\/20701-1.jpg\",\"contentUrl\":\"https:\\\/\\\/modelermaxpro.com\\\/wp-content\\\/uploads\\\/2025\\\/03\\\/20701-1.jpg\",\"width\":800,\"height\":800},{\"@type\":\"BreadcrumbList\",\"@id\":\"https:\\\/\\\/modelermaxpro.com\\\/index.php\\\/product\\\/atom-20701-atom-set-colores-de-la-luftwaffe-wwii\\\/#breadcrumb\",\"itemListElement\":[{\"@type\":\"ListItem\",\"position\":1,\"name\":\"Inicio\",\"item\":\"https:\\\/\\\/modelermaxpro.com\\\/\"},{\"@type\":\"ListItem\",\"position\":2,\"name\":\"Shop\",\"item\":\"https:\\\/\\\/modelermaxpro.com\\\/index.php\\\/shop\\\/\"},{\"@type\":\"ListItem\",\"position\":3,\"name\":\"ATOM-20701 Set Colores de la Luftwaffe WWII\"}]},{\"@type\":\"WebSite\",\"@id\":\"https:\\\/\\\/modelermaxpro.com\\\/#website\",\"url\":\"https:\\\/\\\/modelermaxpro.com\\\/\",\"name\":\"Modeler Max Pro\",\"description\":\"\",\"publisher\":{\"@id\":\"https:\\\/\\\/modelermaxpro.com\\\/#organization\"},\"potentialAction\":[{\"@type\":\"SearchAction\",\"target\":{\"@type\":\"EntryPoint\",\"urlTemplate\":\"https:\\\/\\\/modelermaxpro.com\\\/?s={search_term_string}\"},\"query-input\":{\"@type\":\"PropertyValueSpecification\",\"valueRequired\":true,\"valueName\":\"search_term_string\"}}],\"inLanguage\":\"es-AR\"},{\"@type\":\"Organization\",\"@id\":\"https:\\\/\\\/modelermaxpro.com\\\/#organization\",\"name\":\"Modeler Max Pro\",\"url\":\"https:\\\/\\\/modelermaxpro.com\\\/\",\"logo\":{\"@type\":\"ImageObject\",\"inLanguage\":\"es-AR\",\"@id\":\"https:\\\/\\\/modelermaxpro.com\\\/#\\\/schema\\\/logo\\\/image\\\/\",\"url\":\"https:\\\/\\\/modelermaxpro.com\\\/wp-content\\\/uploads\\\/2019\\\/11\\\/logos_Modeler-web_Mesa-de-trabajo-1_Mesa-de-trabajo-1.png\",\"contentUrl\":\"https:\\\/\\\/modelermaxpro.com\\\/wp-content\\\/uploads\\\/2019\\\/11\\\/logos_Modeler-web_Mesa-de-trabajo-1_Mesa-de-trabajo-1.png\",\"width\":322,\"height\":72,\"caption\":\"Modeler Max Pro\"},\"image\":{\"@id\":\"https:\\\/\\\/modelermaxpro.com\\\/#\\\/schema\\\/logo\\\/image\\\/\"}}]}<\/script>\n<!-- \/ Yoast SEO plugin. -->","yoast_head_json":{"title":"ATOM-20701 Set Colores de la Luftwaffe WWII - Modeler Max Pro","robots":{"index":"index","follow":"follow","max-snippet":"max-snippet:-1","max-image-preview":"max-image-preview:large","max-video-preview":"max-video-preview:-1"},"canonical":"https:\/\/modelermaxpro.com\/index.php\/product\/atom-20701-atom-set-colores-de-la-luftwaffe-wwii\/","og_locale":"es_ES","og_type":"article","og_title":"ATOM-20701 Set Colores de la Luftwaffe WWII - Modeler Max Pro","og_description":"Set de 12 colores ATOM con base agua, de alta calidad y especialmente seleccionados para representar los camuflajes empleados por la Luftwaffe durante toda la Segunda Guerra Mundial. Con estos colores podremos pintar la mayor\u00eda de los aviones que sirvieron en el conflicto, tanto en el frente Europeo, en el frente del Este y en [&hellip;]","og_url":"https:\/\/modelermaxpro.com\/index.php\/product\/atom-20701-atom-set-colores-de-la-luftwaffe-wwii\/","og_site_name":"Modeler Max Pro","article_modified_time":"2025-03-22T14:37:45+00:00","og_image":[{"width":800,"height":800,"url":"https:\/\/modelermaxpro.com\/wp-content\/uploads\/2025\/03\/20701-1.jpg","type":"image\/jpeg"}],"twitter_card":"summary_large_image","twitter_misc":{"Tiempo de lectura":"2 minutos"},"schema":{"@context":"https:\/\/schema.org","@graph":[{"@type":"WebPage","@id":"https:\/\/modelermaxpro.com\/index.php\/product\/atom-20701-atom-set-colores-de-la-luftwaffe-wwii\/","url":"https:\/\/modelermaxpro.com\/index.php\/product\/atom-20701-atom-set-colores-de-la-luftwaffe-wwii\/","name":"ATOM-20701 Set Colores de la Luftwaffe WWII - Modeler Max Pro","isPartOf":{"@id":"https:\/\/modelermaxpro.com\/#website"},"primaryImageOfPage":{"@id":"https:\/\/modelermaxpro.com\/index.php\/product\/atom-20701-atom-set-colores-de-la-luftwaffe-wwii\/#primaryimage"},"image":{"@id":"https:\/\/modelermaxpro.com\/index.php\/product\/atom-20701-atom-set-colores-de-la-luftwaffe-wwii\/#primaryimage"},"thumbnailUrl":"https:\/\/modelermaxpro.com\/wp-content\/uploads\/2025\/03\/20701-1.jpg","datePublished":"2025-03-21T21:02:06+00:00","dateModified":"2025-03-22T14:37:45+00:00","breadcrumb":{"@id":"https:\/\/modelermaxpro.com\/index.php\/product\/atom-20701-atom-set-colores-de-la-luftwaffe-wwii\/#breadcrumb"},"inLanguage":"es-AR","potentialAction":[{"@type":"ReadAction","target":["https:\/\/modelermaxpro.com\/index.php\/product\/atom-20701-atom-set-colores-de-la-luftwaffe-wwii\/"]}]},{"@type":"ImageObject","inLanguage":"es-AR","@id":"https:\/\/modelermaxpro.com\/index.php\/product\/atom-20701-atom-set-colores-de-la-luftwaffe-wwii\/#primaryimage","url":"https:\/\/modelermaxpro.com\/wp-content\/uploads\/2025\/03\/20701-1.jpg","contentUrl":"https:\/\/modelermaxpro.com\/wp-content\/uploads\/2025\/03\/20701-1.jpg","width":800,"height":800},{"@type":"BreadcrumbList","@id":"https:\/\/modelermaxpro.com\/index.php\/product\/atom-20701-atom-set-colores-de-la-luftwaffe-wwii\/#breadcrumb","itemListElement":[{"@type":"ListItem","position":1,"name":"Inicio","item":"https:\/\/modelermaxpro.com\/"},{"@type":"ListItem","position":2,"name":"Shop","item":"https:\/\/modelermaxpro.com\/index.php\/shop\/"},{"@type":"ListItem","position":3,"name":"ATOM-20701 Set Colores de la Luftwaffe WWII"}]},{"@type":"WebSite","@id":"https:\/\/modelermaxpro.com\/#website","url":"https:\/\/modelermaxpro.com\/","name":"Modeler Max Pro","description":"","publisher":{"@id":"https:\/\/modelermaxpro.com\/#organization"},"potentialAction":[{"@type":"SearchAction","target":{"@type":"EntryPoint","urlTemplate":"https:\/\/modelermaxpro.com\/?s={search_term_string}"},"query-input":{"@type":"PropertyValueSpecification","valueRequired":true,"valueName":"search_term_string"}}],"inLanguage":"es-AR"},{"@type":"Organization","@id":"https:\/\/modelermaxpro.com\/#organization","name":"Modeler Max Pro","url":"https:\/\/modelermaxpro.com\/","logo":{"@type":"ImageObject","inLanguage":"es-AR","@id":"https:\/\/modelermaxpro.com\/#\/schema\/logo\/image\/","url":"https:\/\/modelermaxpro.com\/wp-content\/uploads\/2019\/11\/logos_Modeler-web_Mesa-de-trabajo-1_Mesa-de-trabajo-1.png","contentUrl":"https:\/\/modelermaxpro.com\/wp-content\/uploads\/2019\/11\/logos_Modeler-web_Mesa-de-trabajo-1_Mesa-de-trabajo-1.png","width":322,"height":72,"caption":"Modeler Max Pro"},"image":{"@id":"https:\/\/modelermaxpro.com\/#\/schema\/logo\/image\/"}}]}},"_links":{"self":[{"href":"https:\/\/modelermaxpro.com\/index.php\/wp-json\/wp\/v2\/product\/9798","targetHints":{"allow":["GET"]}}],"collection":[{"href":"https:\/\/modelermaxpro.com\/index.php\/wp-json\/wp\/v2\/product"}],"about":[{"href":"https:\/\/modelermaxpro.com\/index.php\/wp-json\/wp\/v2\/types\/product"}],"wp:featuredmedia":[{"embeddable":true,"href":"https:\/\/modelermaxpro.com\/index.php\/wp-json\/wp\/v2\/media\/9801"}],"wp:attachment":[{"href":"https:\/\/modelermaxpro.com\/index.php\/wp-json\/wp\/v2\/media?parent=9798"}],"wp:term":[{"taxonomy":"product_brand","embeddable":true,"href":"https:\/\/modelermaxpro.com\/index.php\/wp-json\/wp\/v2\/product_brand?post=9798"},{"taxonomy":"product_cat","embeddable":true,"href":"https:\/\/modelermaxpro.com\/index.php\/wp-json\/wp\/v2\/product_cat?post=9798"},{"taxonomy":"product_tag","embeddable":true,"href":"https:\/\/modelermaxpro.com\/index.php\/wp-json\/wp\/v2\/product_tag?post=9798"}],"curies":[{"name":"wp","href":"https:\/\/api.w.org\/{rel}","templated":true}]}}